{"id":566,"date":"2024-02-08T08:44:55","date_gmt":"2024-02-08T07:44:55","guid":{"rendered":"https:\/\/annacarre.com\/politica-de-privacidad\/"},"modified":"2024-02-09T13:10:04","modified_gmt":"2024-02-09T12:10:04","slug":"politica-de-privacidad","status":"publish","type":"page","link":"https:\/\/annacarre.com\/es\/politica-de-privacidad\/","title":{"rendered":"Pol\u00edtica de privacidad"},"content":{"rendered":"\t\t<div data-elementor-type=\"wp-page\" data-elementor-id=\"566\" class=\"elementor elementor-566 elementor-491\" data-elementor-post-type=\"page\">\n\t\t\t\t\t\t<section class=\"elementor-section elementor-top-section elementor-element elementor-element-4fb3f90 elementor-section-boxed elementor-section-height-default elementor-section-height-default\" data-id=\"4fb3f90\" data-element_type=\"section\" data-e-type=\"section\">\n\t\t\t\t\t\t<div class=\"elementor-container elementor-column-gap-default\">\n\t\t\t\t\t<div class=\"elementor-column elementor-col-100 elementor-top-column elementor-element elementor-element-c3c2815\" data-id=\"c3c2815\" data-element_type=\"column\" data-e-type=\"column\">\n\t\t\t<div class=\"elementor-widget-wrap elementor-element-populated\">\n\t\t\t\t\t\t<div class=\"elementor-element elementor-element-8876fa0 elementor-widget elementor-widget-spacer\" data-id=\"8876fa0\" data-element_type=\"widget\" data-e-type=\"widget\" data-widget_type=\"spacer.default\">\n\t\t\t\t<div class=\"elementor-widget-container\">\n\t\t\t\t\t\t\t<div class=\"elementor-spacer\">\n\t\t\t<div class=\"elementor-spacer-inner\"><\/div>\n\t\t<\/div>\n\t\t\t\t\t\t<\/div>\n\t\t\t\t<\/div>\n\t\t\t\t<div class=\"elementor-element elementor-element-e943054 elementor-widget elementor-widget-heading\" data-id=\"e943054\" data-element_type=\"widget\" data-e-type=\"widget\" data-widget_type=\"heading.default\">\n\t\t\t\t<div class=\"elementor-widget-container\">\n\t\t\t\t\t<h2 class=\"elementor-heading-title elementor-size-default\">Pol\u00edtica de privacidad<\/h2>\t\t\t\t<\/div>\n\t\t\t\t<\/div>\n\t\t\t\t<div class=\"elementor-element elementor-element-b6480ba elementor-widget elementor-widget-text-editor\" data-id=\"b6480ba\" data-element_type=\"widget\" data-e-type=\"widget\" data-widget_type=\"text-editor.default\">\n\t\t\t\t<div class=\"elementor-widget-container\">\n\t\t\t\t\t\t\t\t\t<p><strong>1. RESPONSABLE DEL TRATAMIENTO<\/strong><\/p>\n<p>ANNA CARR\u00c9 (en adelante, el \u201cResponsable\u201d).<\/p>\n<p><strong>1.1. Normativa aplicable <span class=\"Apple-converted-space\"> <\/span><\/strong><\/p>\n<p>Nuestra Pol\u00edtica de Privacidad se ha dise\u00f1ado de acuerdo con el Reglamento General de Protecci\u00f3n de Datos de la UE 2016\/679 del Parlamento Europeo y del Consejo, de 27 de abril de 2016, relativo a la protecci\u00f3n de las personas f\u00edsicas por el con respecto al tratamiento de datos personales ya la libre circulaci\u00f3n de estos datos y por el que se deroga la Directiva 95\/46\/CE (Reglamento general de protecci\u00f3n de datos), y la Ley org\u00e1nica 3\/2018 de 5 de diciembre, de Protecci\u00f3n de Datos de Car\u00e1cter Personal y Garant\u00eda de los Derechos Digitales.<span class=\"Apple-converted-space\"> <\/span><\/p>\n<p>Al facilitarnos sus datos, Usted declara haber le\u00eddo y conocer la presente Pol\u00edtica de Privacidad, prestando su consentimiento inequ\u00edvoco y expreso al tratamiento de sus datos personales de acuerdo con las finalidades y t\u00e9rminos aqu\u00ed expresados.<span class=\"Apple-converted-space\"> <\/span><\/p>\n<p>La Empresa podr\u00e1 modificar la presente Pol\u00edtica de Privacidad para adaptarla a las novedades legislativas, jurisprudenciales o de interpretaci\u00f3n de la Agencia Espa\u00f1ola de Protecci\u00f3n de Datos. Estas condiciones de privacidad podr\u00e1n ser complementadas por el Aviso Legal, Pol\u00edtica de Cookies y las Condiciones Generales que, en su caso, se recojan para determinados productos o servicios si este acceso supone alguna especialidad en materia de protecci\u00f3n de datos de car\u00e1cter personal. <span class=\"Apple-converted-space\"> <\/span><\/p>\n<p><strong>1.2. Nuestro Delegado de Protecci\u00f3n de Datos <\/strong><\/p>\n<p>LOPDMONTOLIU Y SERVEIS SL, con NIF. B55261804. El tel\u00e9fono de contacto es 625 459 540 y el correo electr\u00f3nico: info@lopdmontoliu.es.  <\/p>\n<p><strong>2. FINALIDAD DEL TRATAMIENTO DE LOS DATOS PERSONALES<span class=\"Apple-converted-space\"> <\/span><\/strong><\/p>\n<p>El tratamiento que realizamos de sus datos personales responde a las siguientes finalidades:<span class=\"Apple-converted-space\"> <\/span><\/p>\n<ul>\n<li>Proporcionarle informaci\u00f3n relacionada con los productos y servicios que ofrece nuestra empresa y que detallan en este sitio web.<\/li>\n<li>Realizar la contrataci\u00f3n de nuestros servicios mediante la aceptaci\u00f3n del correspondiente presupuesto\/pedido y\/o la firma de un contrato mercantil.<span class=\"Apple-converted-space\"> <\/span><\/li>\n<li>Enviarle por correo electr\u00f3nico y\/o postal las noticias y novedades sobre nuestra entidad, as\u00ed como las actualizaciones de nuestro cat\u00e1logo de productos y servicios.<\/li>\n<\/ul>\n<p><strong>2.1. Plazo de Conservaci\u00f3n de sus datos <span class=\"Apple-converted-space\"> <\/span><\/strong><\/p>\n<p>Conservaremos sus datos personales desde que nos d\u00e9 su consentimiento hasta que lo revoque o solicite la limitaci\u00f3n del tratamiento. En tales casos, mantendremos sus datos de forma bloqueada durante los plazos legalmente exigidos. <span class=\"Apple-converted-space\"> <\/span><\/p>\n<p><strong>3. LEGITIMACI\u00d3N Y DATOS RECAUDADOS<span class=\"Apple-converted-space\"> <\/span><\/strong><\/p>\n<p>La legitimaci\u00f3n para el tratamiento de sus datos es el consentimiento expreso otorgado mediante un acto positivo y afirmativo (rellenar el formulario correspondiente y marcar la casilla de aceptaci\u00f3n de esta pol\u00edtica) en el momento de facilitarnos sus datos personales.<span class=\"Apple-converted-space\"> <\/span><\/p>\n<p><strong>3.1. Consentimiento para tratar sus datos <span class=\"Apple-converted-space\"> <\/span><\/strong><\/p>\n<p>Al rellenar los formularios, marcar la casilla \u201cAcepto la Pol\u00edtica de Privacidad\u201d y hacer clic para enviar los datos, o al remitir correos electr\u00f3nicos a la Empresa a trav\u00e9s de las cuentas habilitadas al efecto, el Usuario manifiesta haber le\u00eddo y aceptado expresamente la presente pol\u00edtica de privacidad, otorgando su consentimiento inequ\u00edvoco y expreso al tratamiento de sus datos personales conforme a los fines indicados.<span class=\"Apple-converted-space\"> <\/span><\/p>\n<p><strong>3.2. Categor\u00edas de datos <span class=\"Apple-converted-space\"> <\/span><\/strong><\/p>\n<p>Los datos recabados se refieren a la categor\u00eda de datos identificativos, como pueden ser: Nombre y Apellidos, Tel\u00e9fono, Direcci\u00f3n Postal, Empresa, Correo electr\u00f3nico, as\u00ed como la direcci\u00f3n IP desde donde accede al formulario de recogida de datos.<\/p>\n<p><strong>4. MEDIDAS DE SEGURIDAD<span class=\"Apple-converted-space\"> <\/span><\/strong><\/p>\n<p>Dins del nostre comprom\u00eds per garantir la seguretat i confidencialitat de les seves dades de car\u00e0cter personal, l\u2019informem que s\u2019han adoptat les mesures d\u2019\u00edndole t\u00e8cnica i organitzatives necess\u00e0ries per a garantir la seguretat de les dades de car\u00e0cter personal i evitar la seva alteraci\u00f3, p\u00e8rdua, tractament o acc\u00e9s no autoritzat, tenint en compte de l\u2019estat de la tecnologia, la naturalesa de les dades emmagatzemades i els riscos al fet que estiguin exposats, segons l\u2019Art. 32 del RGPD EU 679\/2016. <\/p>\n<p><strong>5. CESSI\u00d3 DE DADESDentro de nuestro compromiso por garantizar la seguridad y confidencialidad de sus datos de car\u00e1cter personal, le informamos que se han adoptado las medidas de \u00edndole t\u00e9cnica y organizativas necesarias para garantizar la seguridad de los datos de car\u00e1cter personal y evitar su alteraci\u00f3n, p\u00e9rdida, tratamiento o acceso no autorizado, teniendo en cuenta del estado de la tecnolog\u00eda, la naturaleza de los datos almacenados y los riesgos a que est\u00e9n expuestos, seg\u00fan el art. 32 del RGPD EU 679\/2016.<span class=\"Apple-converted-space\"> <\/span><\/strong><\/p>\n<p>No se prev\u00e9n cesiones de datos ni transferencias internacionales de sus datos, con excepci\u00f3n de las autorizadas por la legislaci\u00f3n fiscal, mercantil y de telecomunicaciones as\u00ed como en aquellos casos en los que una autoridad judicial nos lo requiera.<\/p>\n<p><strong>6. DERECHOS DEL USUARIO<span class=\"Apple-converted-space\"> <\/span><\/strong><\/p>\n<p>Cualquier interesado tiene derecho a obtener confirmaci\u00f3n sobre si estamos tratando datos personales que le conciernan, o no. Los interesados tienen derecho a acceder a sus datos personales, as\u00ed como a solicitar la rectificaci\u00f3n de los datos inexactos o, en su caso, solicitar su supresi\u00f3n cuando, entre otros motivos, los datos ya no sean necesarios para los fines que fueron recogidos. En determinadas circunstancias, los interesados podr\u00e1n solicitar la limitaci\u00f3n del tratamiento de sus datos, en cuyo caso \u00fanicamente los conservaremos para el ejercicio o la defensa de reclamaciones. Por motivos relacionados con su situaci\u00f3n particular, los interesados podr\u00e1n oponerse al tratamiento de sus datos. El Responsable del fichero dejar\u00e1 de tratar los datos, excepto por motivos imperiosos leg\u00edtimos, o el ejercicio o la defensa de posibles reclamaciones.    <\/p>\n<p>De acuerdo con la legislaci\u00f3n vigente tiene los siguientes derechos: derecho a solicitar el acceso a sus datos personales, derecho a solicitar su rectificaci\u00f3n o supresi\u00f3n, derecho a solicitar la limitaci\u00f3n de su tratamiento, derecho a oponerse al tratamiento, derecho a la portabilidad de los datos y asimismo, a revocar el consentimiento otorgado. Asimismo, tendr\u00e1 derecho a presentar una reclamaci\u00f3n ante la Agencia Espa\u00f1ola de Protecci\u00f3n de Datos. <span class=\"Apple-converted-space\"> <\/span><\/p>\n<p><strong>6.1. \u00bfC\u00f3mo ejercitar mis derechos? <span class=\"Apple-converted-space\"> <\/span><\/strong><\/p>\n<p>Para ejercer sus derechos, debe dirigirse al responsable, solicitando el correspondiente formulario para el ejercicio del derecho elegido. Opcionalmente, puede acudir a la Autoridad de Control competente para obtener informaci\u00f3n adicional sobre sus derechos. Los datos de contacto para el ejercicio de sus derechos son el tel\u00e9fono 653 841 001 y el correo electr\u00f3nico: <span style=\"color: #000000;\"><a style=\"color: #000000;\" href=\"mailto:anna@annacarre.com\">anna@annacarre.com<\/a><\/span>.   Recuerde acompa\u00f1ar una copia de un documento que nos permita identificarle.<\/p>\n<p><strong>7.<\/strong> <strong>CONSENTIMIENTO PARA ENV\u00cdO DE COMUNICACIONES ELECTR\u00d3NICAS<\/strong><\/p>\n<p>Asimismo, y de acuerdo con lo que se establece en la Ley 34\/2002, de 11 de julio, de Servicios de la Sociedad de la Informaci\u00f3n y del Comercio Electr\u00f3nico, completando el formulario de recogida de datos y marcando la correspondiente casilla \u00abAcepto\u00bb est\u00e1 otorgando el consentimiento expreso para enviarle a su direcci\u00f3n de correo electr\u00f3nico, tel\u00e9fono, fax u otro medio electr\u00f3nico en env\u00edo de informaci\u00f3n sobre la Empresa.<\/p>\n\t\t\t\t\t\t\t\t<\/div>\n\t\t\t\t<\/div>\n\t\t\t\t<div class=\"elementor-element elementor-element-f10c2f5 elementor-widget elementor-widget-spacer\" data-id=\"f10c2f5\" data-element_type=\"widget\" data-e-type=\"widget\" data-widget_type=\"spacer.default\">\n\t\t\t\t<div class=\"elementor-widget-container\">\n\t\t\t\t\t\t\t<div class=\"elementor-spacer\">\n\t\t\t<div class=\"elementor-spacer-inner\"><\/div>\n\t\t<\/div>\n\t\t\t\t\t\t<\/div>\n\t\t\t\t<\/div>\n\t\t\t\t\t<\/div>\n\t\t<\/div>\n\t\t\t\t\t<\/div>\n\t\t<\/section>\n\t\t\t\t<\/div>\n\t\t","protected":false},"excerpt":{"rendered":"<p>Pol\u00edtica de privacidad 1. RESPONSABLE DEL TRATAMIENTO ANNA CARR\u00c9 (en adelante, el \u201cResponsable\u201d). 1.1. Normativa aplicable Nuestra Pol\u00edtica de Privacidad se ha dise\u00f1ado de acuerdo con el Reglamento General de Protecci\u00f3n de Datos de la UE 2016\/679 del Parlamento Europeo y del Consejo, de 27 de abril de 2016, relativo a la protecci\u00f3n de las [&hellip;]<\/p>\n","protected":false},"author":1,"featured_media":0,"parent":0,"menu_order":0,"comment_status":"closed","ping_status":"closed","template":"elementor_header_footer","meta":{"footnotes":""},"class_list":["post-566","page","type-page","status-publish","hentry"],"yoast_head":"<!-- This site is optimized with the Yoast SEO plugin v27.5 - https:\/\/yoast.com\/product\/yoast-seo-wordpress\/ -->\n<title>Pol\u00edtica de privacidad - Anna Carr\u00e9<\/title>\n<meta name=\"robots\" content=\"index, follow, max-snippet:-1, max-image-preview:large, max-video-preview:-1\" \/>\n<link rel=\"canonical\" href=\"https:\/\/annacarre.com\/es\/politica-de-privacidad\/\" \/>\n<meta property=\"og:locale\" content=\"es_ES\" \/>\n<meta property=\"og:type\" content=\"article\" \/>\n<meta property=\"og:title\" content=\"Pol\u00edtica de privacidad - Anna Carr\u00e9\" \/>\n<meta property=\"og:description\" content=\"Pol\u00edtica de privacidad 1. RESPONSABLE DEL TRATAMIENTO ANNA CARR\u00c9 (en adelante, el \u201cResponsable\u201d). 1.1. Normativa aplicable Nuestra Pol\u00edtica de Privacidad se ha dise\u00f1ado de acuerdo con el Reglamento General de Protecci\u00f3n de Datos de la UE 2016\/679 del Parlamento Europeo y del Consejo, de 27 de abril de 2016, relativo a la protecci\u00f3n de las [&hellip;]\" \/>\n<meta property=\"og:url\" content=\"https:\/\/annacarre.com\/es\/politica-de-privacidad\/\" \/>\n<meta property=\"og:site_name\" content=\"Anna Carr\u00e9\" \/>\n<meta property=\"article:publisher\" content=\"https:\/\/www.facebook.com\/annacarreart\/\" \/>\n<meta property=\"article:modified_time\" content=\"2024-02-09T12:10:04+00:00\" \/>\n<meta name=\"twitter:card\" content=\"summary_large_image\" \/>\n<meta name=\"twitter:label1\" content=\"Tiempo de lectura\" \/>\n\t<meta name=\"twitter:data1\" content=\"6 minutos\" \/>\n<script type=\"application\/ld+json\" class=\"yoast-schema-graph\">{\"@context\":\"https:\\\/\\\/schema.org\",\"@graph\":[{\"@type\":\"WebPage\",\"@id\":\"https:\\\/\\\/annacarre.com\\\/es\\\/politica-de-privacidad\\\/\",\"url\":\"https:\\\/\\\/annacarre.com\\\/es\\\/politica-de-privacidad\\\/\",\"name\":\"Pol\u00edtica de privacidad - Anna Carr\u00e9\",\"isPartOf\":{\"@id\":\"https:\\\/\\\/annacarre.com\\\/es\\\/#website\"},\"datePublished\":\"2024-02-08T07:44:55+00:00\",\"dateModified\":\"2024-02-09T12:10:04+00:00\",\"breadcrumb\":{\"@id\":\"https:\\\/\\\/annacarre.com\\\/es\\\/politica-de-privacidad\\\/#breadcrumb\"},\"inLanguage\":\"es\",\"potentialAction\":[{\"@type\":\"ReadAction\",\"target\":[\"https:\\\/\\\/annacarre.com\\\/es\\\/politica-de-privacidad\\\/\"]}]},{\"@type\":\"BreadcrumbList\",\"@id\":\"https:\\\/\\\/annacarre.com\\\/es\\\/politica-de-privacidad\\\/#breadcrumb\",\"itemListElement\":[{\"@type\":\"ListItem\",\"position\":1,\"name\":\"Inici\",\"item\":\"https:\\\/\\\/annacarre.com\\\/es\\\/home\\\/\"},{\"@type\":\"ListItem\",\"position\":2,\"name\":\"Pol\u00edtica de privacidad\"}]},{\"@type\":\"WebSite\",\"@id\":\"https:\\\/\\\/annacarre.com\\\/es\\\/#website\",\"url\":\"https:\\\/\\\/annacarre.com\\\/es\\\/\",\"name\":\"Anna Carr\u00e9\",\"description\":\"Escola art i manualitats a Olot\",\"publisher\":{\"@id\":\"https:\\\/\\\/annacarre.com\\\/es\\\/#organization\"},\"potentialAction\":[{\"@type\":\"SearchAction\",\"target\":{\"@type\":\"EntryPoint\",\"urlTemplate\":\"https:\\\/\\\/annacarre.com\\\/es\\\/?s={search_term_string}\"},\"query-input\":{\"@type\":\"PropertyValueSpecification\",\"valueRequired\":true,\"valueName\":\"search_term_string\"}}],\"inLanguage\":\"es\"},{\"@type\":\"Organization\",\"@id\":\"https:\\\/\\\/annacarre.com\\\/es\\\/#organization\",\"name\":\"Anna Carre Escola de Manualitats i Belles Arts\",\"url\":\"https:\\\/\\\/annacarre.com\\\/es\\\/\",\"logo\":{\"@type\":\"ImageObject\",\"inLanguage\":\"es\",\"@id\":\"https:\\\/\\\/annacarre.com\\\/es\\\/#\\\/schema\\\/logo\\\/image\\\/\",\"url\":\"https:\\\/\\\/annacarre.com\\\/wp-content\\\/uploads\\\/2024\\\/02\\\/anna-carre_marca-grafica_negre.svg\",\"contentUrl\":\"https:\\\/\\\/annacarre.com\\\/wp-content\\\/uploads\\\/2024\\\/02\\\/anna-carre_marca-grafica_negre.svg\",\"width\":296,\"height\":215,\"caption\":\"Anna Carre Escola de Manualitats i Belles Arts\"},\"image\":{\"@id\":\"https:\\\/\\\/annacarre.com\\\/es\\\/#\\\/schema\\\/logo\\\/image\\\/\"},\"sameAs\":[\"https:\\\/\\\/www.facebook.com\\\/annacarreart\\\/\",\"https:\\\/\\\/www.instagram.com\\\/annacarreart\\\/\"]}]}<\/script>\n<!-- \/ Yoast SEO plugin. -->","yoast_head_json":{"title":"Pol\u00edtica de privacidad - Anna Carr\u00e9","robots":{"index":"index","follow":"follow","max-snippet":"max-snippet:-1","max-image-preview":"max-image-preview:large","max-video-preview":"max-video-preview:-1"},"canonical":"https:\/\/annacarre.com\/es\/politica-de-privacidad\/","og_locale":"es_ES","og_type":"article","og_title":"Pol\u00edtica de privacidad - Anna Carr\u00e9","og_description":"Pol\u00edtica de privacidad 1. RESPONSABLE DEL TRATAMIENTO ANNA CARR\u00c9 (en adelante, el \u201cResponsable\u201d). 1.1. Normativa aplicable Nuestra Pol\u00edtica de Privacidad se ha dise\u00f1ado de acuerdo con el Reglamento General de Protecci\u00f3n de Datos de la UE 2016\/679 del Parlamento Europeo y del Consejo, de 27 de abril de 2016, relativo a la protecci\u00f3n de las [&hellip;]","og_url":"https:\/\/annacarre.com\/es\/politica-de-privacidad\/","og_site_name":"Anna Carr\u00e9","article_publisher":"https:\/\/www.facebook.com\/annacarreart\/","article_modified_time":"2024-02-09T12:10:04+00:00","twitter_card":"summary_large_image","twitter_misc":{"Tiempo de lectura":"6 minutos"},"schema":{"@context":"https:\/\/schema.org","@graph":[{"@type":"WebPage","@id":"https:\/\/annacarre.com\/es\/politica-de-privacidad\/","url":"https:\/\/annacarre.com\/es\/politica-de-privacidad\/","name":"Pol\u00edtica de privacidad - Anna Carr\u00e9","isPartOf":{"@id":"https:\/\/annacarre.com\/es\/#website"},"datePublished":"2024-02-08T07:44:55+00:00","dateModified":"2024-02-09T12:10:04+00:00","breadcrumb":{"@id":"https:\/\/annacarre.com\/es\/politica-de-privacidad\/#breadcrumb"},"inLanguage":"es","potentialAction":[{"@type":"ReadAction","target":["https:\/\/annacarre.com\/es\/politica-de-privacidad\/"]}]},{"@type":"BreadcrumbList","@id":"https:\/\/annacarre.com\/es\/politica-de-privacidad\/#breadcrumb","itemListElement":[{"@type":"ListItem","position":1,"name":"Inici","item":"https:\/\/annacarre.com\/es\/home\/"},{"@type":"ListItem","position":2,"name":"Pol\u00edtica de privacidad"}]},{"@type":"WebSite","@id":"https:\/\/annacarre.com\/es\/#website","url":"https:\/\/annacarre.com\/es\/","name":"Anna Carr\u00e9","description":"Escola art i manualitats a Olot","publisher":{"@id":"https:\/\/annacarre.com\/es\/#organization"},"potentialAction":[{"@type":"SearchAction","target":{"@type":"EntryPoint","urlTemplate":"https:\/\/annacarre.com\/es\/?s={search_term_string}"},"query-input":{"@type":"PropertyValueSpecification","valueRequired":true,"valueName":"search_term_string"}}],"inLanguage":"es"},{"@type":"Organization","@id":"https:\/\/annacarre.com\/es\/#organization","name":"Anna Carre Escola de Manualitats i Belles Arts","url":"https:\/\/annacarre.com\/es\/","logo":{"@type":"ImageObject","inLanguage":"es","@id":"https:\/\/annacarre.com\/es\/#\/schema\/logo\/image\/","url":"https:\/\/annacarre.com\/wp-content\/uploads\/2024\/02\/anna-carre_marca-grafica_negre.svg","contentUrl":"https:\/\/annacarre.com\/wp-content\/uploads\/2024\/02\/anna-carre_marca-grafica_negre.svg","width":296,"height":215,"caption":"Anna Carre Escola de Manualitats i Belles Arts"},"image":{"@id":"https:\/\/annacarre.com\/es\/#\/schema\/logo\/image\/"},"sameAs":["https:\/\/www.facebook.com\/annacarreart\/","https:\/\/www.instagram.com\/annacarreart\/"]}]}},"_links":{"self":[{"href":"https:\/\/annacarre.com\/es\/wp-json\/wp\/v2\/pages\/566","targetHints":{"allow":["GET"]}}],"collection":[{"href":"https:\/\/annacarre.com\/es\/wp-json\/wp\/v2\/pages"}],"about":[{"href":"https:\/\/annacarre.com\/es\/wp-json\/wp\/v2\/types\/page"}],"author":[{"embeddable":true,"href":"https:\/\/annacarre.com\/es\/wp-json\/wp\/v2\/users\/1"}],"replies":[{"embeddable":true,"href":"https:\/\/annacarre.com\/es\/wp-json\/wp\/v2\/comments?post=566"}],"version-history":[{"count":1,"href":"https:\/\/annacarre.com\/es\/wp-json\/wp\/v2\/pages\/566\/revisions"}],"predecessor-version":[{"id":567,"href":"https:\/\/annacarre.com\/es\/wp-json\/wp\/v2\/pages\/566\/revisions\/567"}],"wp:attachment":[{"href":"https:\/\/annacarre.com\/es\/wp-json\/wp\/v2\/media?parent=566"}],"curies":[{"name":"wp","href":"https:\/\/api.w.org\/{rel}","templated":true}]}}